{"id":5701,"date":"2024-03-08T10:31:45","date_gmt":"2024-03-08T10:31:45","guid":{"rendered":"https:\/\/ler.ae\/tr\/?page_id=5701"},"modified":"2024-04-17T09:29:12","modified_gmt":"2024-04-17T09:29:12","slug":"dia-centro","status":"publish","type":"page","link":"https:\/\/ler.ae\/tr\/dia-centro\/","title":{"rendered":"Dia Centro"},"content":{"rendered":"\t\t<div data-elementor-type=\"wp-page\" data-elementor-id=\"5701\" class=\"elementor elementor-5701\" data-elementor-post-type=\"page\">\n\t\t\t\t<div class=\"elementor-element elementor-element-8e915b0 e-flex e-con-boxed e-con e-parent\" data-id=\"8e915b0\" data-element_type=\"container\">\n\t\t\t\t\t<div class=\"e-con-inner\">\n\t\t\t\t<div class=\"elementor-element elementor-element-fd7e11b elementor-widget elementor-widget-banner-title\" data-id=\"fd7e11b\" data-element_type=\"widget\" data-widget_type=\"banner-title.default\">\n\t\t\t\t<div class=\"elementor-widget-container\">\n\t\t\t\t\t\t\t<section class=\"container-fluid top-banner no-padd  simple  dark\">\t\t\t<div class=\"content\">\n\t\t\t\t<div class=\"prague-svg-animation-text\">\n\t\t\t\t\t\t\t\t\t<\/div>\n\t\t\t\t<div class=\"subtitle\">Istanbul, T\u00fcrkiye<\/div>\t\t\t\t<h1 class=\"title\">DIA CENTRO<\/h1>\t\t\t\t<div class=\"description\"><p><p class=\"p1\">Dia Centro, \u0130stanbul'un merkezi Topkap\u0131 il\u00e7esinde konumlanm\u0131\u015f olup t\u00fcm ihtiya\u00e7lar\u0131n\u0131za kolay eri\u015fim imkan\u0131 sunuyor. 15,600 metrekarelik bir arazi \u00fczerine kurulu olan proje, 251 konut birimi ve 33 ticari birimden olu\u015fuyor.<\/p><\/p><\/div>\t\t\t\t\t\t\t<\/div>\n\t\t\t<div class=\"top-banner-cursor\"><\/div>\n\t\t<\/section>\n\t\t\t\t\t\t<\/div>\n\t\t\t\t<\/div>\n\t\t\t\t<div class=\"elementor-element elementor-element-1542fa4 elementor-widget elementor-widget-info-block\" data-id=\"1542fa4\" data-element_type=\"widget\" data-widget_type=\"info-block.default\">\n\t\t\t\t<div class=\"elementor-widget-container\">\n\t\t\t\t\t\t\t\t\t<div class=\"project-detail-block-outer \">\n\t\t\t\t\t\t\t<div class=\"project-detail-block-wrapper\">\n\t\t\t\t\t<div class=\"project-detail-block-item\">\n\t\t\t\t\t\t\t\t\t\t\t\t\t<div class=\"project-detail-block-title\">\n\t\t\t\t\t\t\t\tPROJE TESL\u0130M\t\t\t\t\t\t\t<\/div>\n\t\t\t\t\t\t\t\t\t\t\t\t\t\t\t\t\t\t\t<div class=\"project-detail-block-descr\">\n\t\t\t\t\t\t\t\t<p><p>?<\/p>\n<\/p>\n\t\t\t\t\t\t\t<\/div>\n\t\t\t\t\t\t\t\t\t\t\t<\/div>\n\t\t\t\t<\/div>\n\t\t\t\t\t\t\t\t\t\t\t<div class=\"project-detail-block-wrapper\">\n\t\t\t\t\t<div class=\"project-detail-block-item\">\n\t\t\t\t\t\t\t\t\t\t\t\t\t<div class=\"project-detail-block-title\">\n\t\t\t\t\t\t\t\tLOKASYON\t\t\t\t\t\t\t<\/div>\n\t\t\t\t\t\t\t\t\t\t\t\t\t\t\t\t\t\t\t<div class=\"project-detail-block-descr\">\n\t\t\t\t\t\t\t\t<p><p>TOPKAPI<\/p>\n<\/p>\n\t\t\t\t\t\t\t<\/div>\n\t\t\t\t\t\t\t\t\t\t\t<\/div>\n\t\t\t\t<\/div>\n\t\t\t\t\t\t\t\t\t\t\t<div class=\"project-detail-block-wrapper\">\n\t\t\t\t\t<div class=\"project-detail-block-item\">\n\t\t\t\t\t\t\t\t\t\t\t\t\t<div class=\"project-detail-block-title\">\n\t\t\t\t\t\t\t\t\u00d6DEME PLANI\t\t\t\t\t\t\t<\/div>\n\t\t\t\t\t\t\t\t\t\t\t\t\t\t\t\t\t<\/div>\n\t\t\t\t<\/div>\n\t\t\t\t\t\t\t\t\t\t\t<div class=\"project-detail-block-wrapper\">\n\t\t\t\t\t<div class=\"project-detail-block-item\">\n\t\t\t\t\t\t\t\t\t\t\t\t\t<div class=\"project-detail-block-title\">\n\t\t\t\t\t\t\t\t\u0130N\u015eAAT \u015e\u0130RKET\u0130\t\t\t\t\t\t\t<\/div>\n\t\t\t\t\t\t\t\t\t\t\t\t\t\t\t\t\t\t\t<div class=\"project-detail-block-descr\">\n\t\t\t\t\t\t\t\t<p><p>AHMET KUL CONSTRUCTION + \u015eARKENT BUILDING INC.<\/p>\n<\/p>\n\t\t\t\t\t\t\t<\/div>\n\t\t\t\t\t\t\t\t\t\t\t<\/div>\n\t\t\t\t<\/div>\n\t\t\t\t\t\t\t\t\t\t<\/div>\n\t\t\t\t\t\t<\/div>\n\t\t\t\t<\/div>\n\t\t\t\t\t<\/div>\n\t\t\t\t<\/div>\n\t\t<div class=\"elementor-element elementor-element-a04bbfb e-con-full e-flex e-con e-parent\" data-id=\"a04bbfb\" data-element_type=\"container\">\n\t\t\t\t<div class=\"elementor-element elementor-element-e0e56f0 elementor-widget elementor-widget-single-media\" data-id=\"e0e56f0\" data-element_type=\"widget\" data-widget_type=\"single-media.default\">\n\t\t\t\t<div class=\"elementor-widget-container\">\n\t\t\t\t\t\t\t\t<div class=\"single-media single-media--image\">\n\t\t\t\t<div class=\"single-media__wrap\">\n\t\t\t\t\t<img decoding=\"async\" src=\"https:\/\/ler.ae\/tr\/wp-content\/uploads\/2024\/03\/ahmet_kul_insaat-dia-centro-istanbul-5.jpg\" class=\"single-media__image \" alt=\"\" srcset=\"https:\/\/ler.ae\/tr\/wp-content\/uploads\/2024\/03\/ahmet_kul_insaat-dia-centro-istanbul-5.jpg 1920w, https:\/\/ler.ae\/tr\/wp-content\/uploads\/2024\/03\/ahmet_kul_insaat-dia-centro-istanbul-5-300x169.jpg 300w, https:\/\/ler.ae\/tr\/wp-content\/uploads\/2024\/03\/ahmet_kul_insaat-dia-centro-istanbul-5-1024x576.jpg 1024w, https:\/\/ler.ae\/tr\/wp-content\/uploads\/2024\/03\/ahmet_kul_insaat-dia-centro-istanbul-5-768x432.jpg 768w, https:\/\/ler.ae\/tr\/wp-content\/uploads\/2024\/03\/ahmet_kul_insaat-dia-centro-istanbul-5-1536x864.jpg 1536w, https:\/\/ler.ae\/tr\/wp-content\/uploads\/2024\/03\/ahmet_kul_insaat-dia-centro-istanbul-5-500x281.jpg 500w, https:\/\/ler.ae\/tr\/wp-content\/uploads\/2024\/03\/ahmet_kul_insaat-dia-centro-istanbul-5-600x338.jpg 600w\" sizes=\"(max-width: 1920px) 100vw, 1920px\" \/>\t\t\t\t\t\t\t\t\t<\/div>\n\t\t\t<\/div>\n\t\t\t\t\t\t<\/div>\n\t\t\t\t<\/div>\n\t\t\t\t<\/div>\n\t\t<div class=\"elementor-element elementor-element-0c36f3d e-con-full e-flex e-con e-parent\" data-id=\"0c36f3d\" data-element_type=\"container\">\n\t\t<div class=\"elementor-element elementor-element-c782acc e-con-full e-flex e-con e-child\" data-id=\"c782acc\" data-element_type=\"container\">\n\t\t\t\t<div class=\"elementor-element elementor-element-4a3e550 elementor-widget elementor-widget-project-detail\" data-id=\"4a3e550\" data-element_type=\"widget\" data-widget_type=\"project-detail.default\">\n\t\t\t\t<div class=\"elementor-widget-container\">\n\t\t\t\t\t\t\t\t<div class=\"project-detail-picture-wrapper  top\">\n\t\t\t\t\t<img decoding=\"async\" src=\"https:\/\/ler.ae\/tr\/wp-content\/uploads\/2024\/03\/ahmet_kul_insaat-dia-centro-istanbul.jpg\" class=\"\" alt=\"\" srcset=\"https:\/\/ler.ae\/tr\/wp-content\/uploads\/2024\/03\/ahmet_kul_insaat-dia-centro-istanbul.jpg 755w, https:\/\/ler.ae\/tr\/wp-content\/uploads\/2024\/03\/ahmet_kul_insaat-dia-centro-istanbul-241x300.jpg 241w, https:\/\/ler.ae\/tr\/wp-content\/uploads\/2024\/03\/ahmet_kul_insaat-dia-centro-istanbul-500x622.jpg 500w, https:\/\/ler.ae\/tr\/wp-content\/uploads\/2024\/03\/ahmet_kul_insaat-dia-centro-istanbul-600x746.jpg 600w\" sizes=\"(max-width: 755px) 100vw, 755px\" \/>\n\t\t\t\t\t                \t<div class=\"project-detail-picture-descr\">\n                \t\t<p>Dia Centro, \u0130stanbul'un merkezi Topkap\u0131 b\u00f6lgesinde bulunuyor ve t\u00fcm ihtiya\u00e7lar\u0131n\u0131za kolay eri\u015fim imkan\u0131 sunuyor. D100 karayoluna yak\u0131n konumlanm\u0131\u015f olan proje, \u0130stanbul Havaliman\u0131'na 30 dakika, Atat\u00fcrk Havaliman\u0131'na ise sadece 10 dakika mesafede bulunuyor. Hastaneler, okullar, al\u0131\u015fveri\u015f merkezleri ve i\u015f merkezleri de projeye yak\u0131n konumda yer al\u0131yor.<\/p>\n                \t<\/div>\n\t\t\t\t\t\n\t\t\t\t\t\n\t\t\t<\/div>\n\t\t\t\t\t\t\t<\/div>\n\t\t\t\t<\/div>\n\t\t\t\t<\/div>\n\t\t<div class=\"elementor-element elementor-element-2afb774 e-con-full e-flex e-con e-child\" data-id=\"2afb774\" data-element_type=\"container\">\n\t\t\t\t<div class=\"elementor-element elementor-element-69ccd21 elementor-widget elementor-widget-project-detail\" data-id=\"69ccd21\" data-element_type=\"widget\" data-widget_type=\"project-detail.default\">\n\t\t\t\t<div class=\"elementor-widget-container\">\n\t\t\t\t\t\t\t\t<div class=\"project-detail-picture-wrapper  bottom\">\n\t\t\t\t\t\n\t\t\t\t\t                \t<div class=\"project-detail-picture-descr\">\n                \t\t<p>Modern bir cennet olan Dia Centro, kapal\u0131 havuz, oyun alanlar\u0131 ve spor merkezi gibi olanaklar yer al\u0131yor. Kafe ve bar se\u00e7enekleriyle de konuklar\u0131n e\u011flenceli dakikalar ya\u015fama f\u0131rsat\u0131 sunuyor.<\/p>\n                \t<\/div>\n\t\t\t\t\t\n\t\t\t\t\t<img decoding=\"async\" src=\"https:\/\/ler.ae\/tr\/wp-content\/uploads\/2024\/03\/ahmet_kul_insaat-dia-centro-istanbul-2.jpg\" class=\"\" alt=\"\" srcset=\"https:\/\/ler.ae\/tr\/wp-content\/uploads\/2024\/03\/ahmet_kul_insaat-dia-centro-istanbul-2.jpg 755w, https:\/\/ler.ae\/tr\/wp-content\/uploads\/2024\/03\/ahmet_kul_insaat-dia-centro-istanbul-2-241x300.jpg 241w, https:\/\/ler.ae\/tr\/wp-content\/uploads\/2024\/03\/ahmet_kul_insaat-dia-centro-istanbul-2-500x622.jpg 500w, https:\/\/ler.ae\/tr\/wp-content\/uploads\/2024\/03\/ahmet_kul_insaat-dia-centro-istanbul-2-600x746.jpg 600w\" sizes=\"(max-width: 755px) 100vw, 755px\" \/>\n\t\t\t<\/div>\n\t\t\t\t\t\t\t<\/div>\n\t\t\t\t<\/div>\n\t\t\t\t<\/div>\n\t\t\t\t<\/div>\n\t\t<div class=\"elementor-element elementor-element-65a5cf9 e-con-full e-flex e-con e-parent\" data-id=\"65a5cf9\" data-element_type=\"container\">\n\t\t\t\t<div class=\"elementor-element elementor-element-5418954 elementor-widget elementor-widget-single-media\" data-id=\"5418954\" data-element_type=\"widget\" data-widget_type=\"single-media.default\">\n\t\t\t\t<div class=\"elementor-widget-container\">\n\t\t\t\t\t\t\t\t<div class=\"single-media single-media--image\">\n\t\t\t\t<div class=\"single-media__wrap\">\n\t\t\t\t\t<img decoding=\"async\" src=\"https:\/\/ler.ae\/tr\/wp-content\/uploads\/2024\/03\/ahmet_kul_insaat-dia-centro-istanbul-7.jpg\" class=\"single-media__image \" alt=\"\" srcset=\"https:\/\/ler.ae\/tr\/wp-content\/uploads\/2024\/03\/ahmet_kul_insaat-dia-centro-istanbul-7.jpg 1920w, https:\/\/ler.ae\/tr\/wp-content\/uploads\/2024\/03\/ahmet_kul_insaat-dia-centro-istanbul-7-300x169.jpg 300w, https:\/\/ler.ae\/tr\/wp-content\/uploads\/2024\/03\/ahmet_kul_insaat-dia-centro-istanbul-7-1024x576.jpg 1024w, https:\/\/ler.ae\/tr\/wp-content\/uploads\/2024\/03\/ahmet_kul_insaat-dia-centro-istanbul-7-768x432.jpg 768w, https:\/\/ler.ae\/tr\/wp-content\/uploads\/2024\/03\/ahmet_kul_insaat-dia-centro-istanbul-7-1536x864.jpg 1536w, https:\/\/ler.ae\/tr\/wp-content\/uploads\/2024\/03\/ahmet_kul_insaat-dia-centro-istanbul-7-500x281.jpg 500w, https:\/\/ler.ae\/tr\/wp-content\/uploads\/2024\/03\/ahmet_kul_insaat-dia-centro-istanbul-7-600x338.jpg 600w\" sizes=\"(max-width: 1920px) 100vw, 1920px\" \/>\t\t\t\t\t\t\t\t\t<\/div>\n\t\t\t<\/div>\n\t\t\t\t\t\t<\/div>\n\t\t\t\t<\/div>\n\t\t\t\t<\/div>\n\t\t<div class=\"elementor-element elementor-element-dcb5499 e-con-full e-flex e-con e-parent\" data-id=\"dcb5499\" data-element_type=\"container\">\n\t\t<div class=\"elementor-element elementor-element-275816e e-con-full e-flex e-con e-child\" data-id=\"275816e\" data-element_type=\"container\">\n\t\t\t\t<div class=\"elementor-element elementor-element-9c89e8c elementor-widget elementor-widget-project-detail\" data-id=\"9c89e8c\" data-element_type=\"widget\" data-widget_type=\"project-detail.default\">\n\t\t\t\t<div class=\"elementor-widget-container\">\n\t\t\t\t\t\t\t\t<div class=\"project-detail-picture-wrapper  top\">\n\t\t\t\t\t<img decoding=\"async\" src=\"https:\/\/ler.ae\/tr\/wp-content\/uploads\/2024\/03\/ahmet_kul_insaat-dia-centro-istanbul-1.jpg\" class=\"\" alt=\"\" srcset=\"https:\/\/ler.ae\/tr\/wp-content\/uploads\/2024\/03\/ahmet_kul_insaat-dia-centro-istanbul-1.jpg 755w, https:\/\/ler.ae\/tr\/wp-content\/uploads\/2024\/03\/ahmet_kul_insaat-dia-centro-istanbul-1-241x300.jpg 241w, https:\/\/ler.ae\/tr\/wp-content\/uploads\/2024\/03\/ahmet_kul_insaat-dia-centro-istanbul-1-500x622.jpg 500w, https:\/\/ler.ae\/tr\/wp-content\/uploads\/2024\/03\/ahmet_kul_insaat-dia-centro-istanbul-1-600x746.jpg 600w\" sizes=\"(max-width: 755px) 100vw, 755px\" \/>\n\t\t\t\t\t                \t<div class=\"project-detail-picture-descr\">\n                \t\t<p>Dia Centro, her a\u00e7\u0131dan l\u00fcks\u00fc ve modern ya\u015fam\u0131 m\u00fckemmel bir \u015fekilde bir araya getiriyor. \u0130\u015flevselli\u011fi estetikle birle\u015ftiren \u00f6zenle tasarlanm\u0131\u015f ortak alanlar, benzersiz bir ya\u015fam deneyimi sunuyor.<\/p>\n                \t<\/div>\n\t\t\t\t\t\n\t\t\t\t\t\n\t\t\t<\/div>\n\t\t\t\t\t\t\t<\/div>\n\t\t\t\t<\/div>\n\t\t\t\t<\/div>\n\t\t<div class=\"elementor-element elementor-element-d68556d e-con-full e-flex e-con e-child\" data-id=\"d68556d\" data-element_type=\"container\">\n\t\t\t\t<div class=\"elementor-element elementor-element-ffc5876 elementor-widget elementor-widget-project-detail\" data-id=\"ffc5876\" data-element_type=\"widget\" data-widget_type=\"project-detail.default\">\n\t\t\t\t<div class=\"elementor-widget-container\">\n\t\t\t\t\t\t\t\t<div class=\"project-detail-picture-wrapper  bottom\">\n\t\t\t\t\t\n\t\t\t\t\t                \t<div class=\"project-detail-picture-descr\">\n                \t\t<p>1+1'den 4+1'e kadar \u00e7e\u015fitli daire se\u00e7eneklerinden farkl\u0131 ya\u015fam tarzlar\u0131na uygun olan\u0131 se\u00e7in. En kaliteli malzemeler ve ustal\u0131kla kusursuz bir \u015fekilde tasarlanan bu evler, hayalinizdeki ya\u015fam alanlar\u0131n\u0131 hayata ge\u00e7iriyor.<\/p>\n                \t<\/div>\n\t\t\t\t\t\n\t\t\t\t\t<img decoding=\"async\" src=\"https:\/\/ler.ae\/tr\/wp-content\/uploads\/2024\/03\/ahmet_kul_insaat-dia-centro-istanbul-3.jpg\" class=\"\" alt=\"\" srcset=\"https:\/\/ler.ae\/tr\/wp-content\/uploads\/2024\/03\/ahmet_kul_insaat-dia-centro-istanbul-3.jpg 755w, https:\/\/ler.ae\/tr\/wp-content\/uploads\/2024\/03\/ahmet_kul_insaat-dia-centro-istanbul-3-241x300.jpg 241w, https:\/\/ler.ae\/tr\/wp-content\/uploads\/2024\/03\/ahmet_kul_insaat-dia-centro-istanbul-3-500x622.jpg 500w, https:\/\/ler.ae\/tr\/wp-content\/uploads\/2024\/03\/ahmet_kul_insaat-dia-centro-istanbul-3-600x746.jpg 600w\" sizes=\"(max-width: 755px) 100vw, 755px\" \/>\n\t\t\t<\/div>\n\t\t\t\t\t\t\t<\/div>\n\t\t\t\t<\/div>\n\t\t\t\t<\/div>\n\t\t\t\t<\/div>\n\t\t<div class=\"elementor-element elementor-element-6ca454c e-con-full e-flex e-con e-parent\" data-id=\"6ca454c\" data-element_type=\"container\">\n\t\t\t\t<div class=\"elementor-element elementor-element-f6c4d5a elementor-widget elementor-widget-single-media\" data-id=\"f6c4d5a\" data-element_type=\"widget\" data-widget_type=\"single-media.default\">\n\t\t\t\t<div class=\"elementor-widget-container\">\n\t\t\t\t\t\t\t\t<div class=\"single-media single-media--image\">\n\t\t\t\t<div class=\"single-media__wrap\">\n\t\t\t\t\t<img decoding=\"async\" src=\"https:\/\/ler.ae\/tr\/wp-content\/uploads\/2024\/03\/ahmet_kul_insaat-dia-centro-istanbul-6.jpg\" class=\"single-media__image \" alt=\"\" srcset=\"https:\/\/ler.ae\/tr\/wp-content\/uploads\/2024\/03\/ahmet_kul_insaat-dia-centro-istanbul-6.jpg 1920w, https:\/\/ler.ae\/tr\/wp-content\/uploads\/2024\/03\/ahmet_kul_insaat-dia-centro-istanbul-6-300x169.jpg 300w, https:\/\/ler.ae\/tr\/wp-content\/uploads\/2024\/03\/ahmet_kul_insaat-dia-centro-istanbul-6-1024x576.jpg 1024w, https:\/\/ler.ae\/tr\/wp-content\/uploads\/2024\/03\/ahmet_kul_insaat-dia-centro-istanbul-6-768x432.jpg 768w, https:\/\/ler.ae\/tr\/wp-content\/uploads\/2024\/03\/ahmet_kul_insaat-dia-centro-istanbul-6-1536x864.jpg 1536w, https:\/\/ler.ae\/tr\/wp-content\/uploads\/2024\/03\/ahmet_kul_insaat-dia-centro-istanbul-6-500x281.jpg 500w, https:\/\/ler.ae\/tr\/wp-content\/uploads\/2024\/03\/ahmet_kul_insaat-dia-centro-istanbul-6-600x338.jpg 600w\" sizes=\"(max-width: 1920px) 100vw, 1920px\" \/>\t\t\t\t\t\t\t\t\t<\/div>\n\t\t\t<\/div>\n\t\t\t\t\t\t<\/div>\n\t\t\t\t<\/div>\n\t\t\t\t<\/div>\n\t\t\t\t<\/div>\n\t\t","protected":false},"excerpt":{"rendered":"","protected":false},"author":1,"featured_media":5405,"parent":0,"menu_order":0,"comment_status":"closed","ping_status":"closed","template":"elementor_header_footer","meta":{"footnotes":""},"class_list":["post-5701","page","type-page","status-publish","has-post-thumbnail","hentry"],"yoast_head":"<!-- This site is optimized with the Yoast SEO plugin v24.1 - https:\/\/yoast.com\/wordpress\/plugins\/seo\/ -->\n<title>Dia Centro - Ler Properties - Dubai ve \u0130stanbul L\u00fcks Konut Projeleri: Sat\u0131l\u0131k Villa, Bo\u011faz Manzaral\u0131 Daire<\/title>\n<meta name=\"description\" content=\"Dia Centro, \u0130stanbul&#039;un Topkap\u0131 merkez semtinde yer almakta olup t\u00fcm ihtiya\u00e7lar\u0131n\u0131za kolay eri\u015fim imkan\u0131 sunmaktad\u0131r.\" \/>\n<meta name=\"robots\" content=\"index, follow, max-snippet:-1, max-image-preview:large, max-video-preview:-1\" \/>\n<link rel=\"canonical\" href=\"https:\/\/ler.ae\/tr\/dia-centro\/\" \/>\n<meta property=\"og:locale\" content=\"tr_TR\" \/>\n<meta property=\"og:type\" content=\"article\" \/>\n<meta property=\"og:title\" content=\"Dia Centro - Ler Properties - Dubai ve \u0130stanbul L\u00fcks Konut Projeleri: Sat\u0131l\u0131k Villa, Bo\u011faz Manzaral\u0131 Daire\" \/>\n<meta property=\"og:description\" content=\"Dia Centro, \u0130stanbul&#039;un Topkap\u0131 merkez semtinde yer almakta olup t\u00fcm ihtiya\u00e7lar\u0131n\u0131za kolay eri\u015fim imkan\u0131 sunmaktad\u0131r.\" \/>\n<meta property=\"og:url\" content=\"https:\/\/ler.ae\/tr\/dia-centro\/\" \/>\n<meta property=\"og:site_name\" content=\"Ler Properties - Dubai ve \u0130stanbul L\u00fcks Konut Projeleri: Sat\u0131l\u0131k Villa, Bo\u011faz Manzaral\u0131 Daire\" \/>\n<meta property=\"article:publisher\" content=\"https:\/\/m.facebook.com\/lerproperties\" \/>\n<meta property=\"article:modified_time\" content=\"2024-04-17T09:29:12+00:00\" \/>\n<meta property=\"og:image\" content=\"https:\/\/ler.ae\/tr\/wp-content\/uploads\/2024\/03\/ahmet_kul_insaat-dia-centro-istanbul-5-1.jpg\" \/>\n\t<meta property=\"og:image:width\" content=\"1508\" \/>\n\t<meta property=\"og:image:height\" content=\"1200\" \/>\n\t<meta property=\"og:image:type\" content=\"image\/jpeg\" \/>\n<meta name=\"twitter:card\" content=\"summary_large_image\" \/>\n<meta name=\"twitter:label1\" content=\"Tahmini okuma s\u00fcresi\" \/>\n\t<meta name=\"twitter:data1\" content=\"3 dakika\" \/>\n<script type=\"application\/ld+json\" class=\"yoast-schema-graph\">{\"@context\":\"https:\/\/schema.org\",\"@graph\":[{\"@type\":\"WebPage\",\"@id\":\"https:\/\/ler.ae\/tr\/dia-centro\/\",\"url\":\"https:\/\/ler.ae\/tr\/dia-centro\/\",\"name\":\"Dia Centro - Ler Properties - Dubai ve \u0130stanbul L\u00fcks Konut Projeleri: Sat\u0131l\u0131k Villa, Bo\u011faz Manzaral\u0131 Daire\",\"isPartOf\":{\"@id\":\"https:\/\/ler.ae\/tr\/#website\"},\"primaryImageOfPage\":{\"@id\":\"https:\/\/ler.ae\/tr\/dia-centro\/#primaryimage\"},\"image\":{\"@id\":\"https:\/\/ler.ae\/tr\/dia-centro\/#primaryimage\"},\"thumbnailUrl\":\"https:\/\/ler.ae\/tr\/wp-content\/uploads\/2024\/03\/ahmet_kul_insaat-dia-centro-istanbul-5-1.jpg\",\"datePublished\":\"2024-03-08T10:31:45+00:00\",\"dateModified\":\"2024-04-17T09:29:12+00:00\",\"description\":\"Dia Centro, \u0130stanbul'un Topkap\u0131 merkez semtinde yer almakta olup t\u00fcm ihtiya\u00e7lar\u0131n\u0131za kolay eri\u015fim imkan\u0131 sunmaktad\u0131r.\",\"inLanguage\":\"tr\",\"potentialAction\":[{\"@type\":\"ReadAction\",\"target\":[\"https:\/\/ler.ae\/tr\/dia-centro\/\"]}]},{\"@type\":\"ImageObject\",\"inLanguage\":\"tr\",\"@id\":\"https:\/\/ler.ae\/tr\/dia-centro\/#primaryimage\",\"url\":\"https:\/\/ler.ae\/tr\/wp-content\/uploads\/2024\/03\/ahmet_kul_insaat-dia-centro-istanbul-5-1.jpg\",\"contentUrl\":\"https:\/\/ler.ae\/tr\/wp-content\/uploads\/2024\/03\/ahmet_kul_insaat-dia-centro-istanbul-5-1.jpg\",\"width\":1508,\"height\":1200,\"caption\":\"dia-centro-istanbul\"},{\"@type\":\"WebSite\",\"@id\":\"https:\/\/ler.ae\/tr\/#website\",\"url\":\"https:\/\/ler.ae\/tr\/\",\"name\":\"Ler Properties\",\"description\":\"Ler Properties\",\"alternateName\":\"Ler Properties\",\"potentialAction\":[{\"@type\":\"SearchAction\",\"target\":{\"@type\":\"EntryPoint\",\"urlTemplate\":\"https:\/\/ler.ae\/tr\/?s={search_term_string}\"},\"query-input\":{\"@type\":\"PropertyValueSpecification\",\"valueRequired\":true,\"valueName\":\"search_term_string\"}}],\"inLanguage\":\"tr\"}]}<\/script>\n<!-- \/ Yoast SEO plugin. -->","yoast_head_json":{"title":"Dia Centro - Ler Properties - Dubai ve \u0130stanbul L\u00fcks Konut Projeleri: Sat\u0131l\u0131k Villa, Bo\u011faz Manzaral\u0131 Daire","description":"Dia Centro, \u0130stanbul'un Topkap\u0131 merkez semtinde yer almakta olup t\u00fcm ihtiya\u00e7lar\u0131n\u0131za kolay eri\u015fim imkan\u0131 sunmaktad\u0131r.","robots":{"index":"index","follow":"follow","max-snippet":"max-snippet:-1","max-image-preview":"max-image-preview:large","max-video-preview":"max-video-preview:-1"},"canonical":"https:\/\/ler.ae\/tr\/dia-centro\/","og_locale":"tr_TR","og_type":"article","og_title":"Dia Centro - Ler Properties - Dubai ve \u0130stanbul L\u00fcks Konut Projeleri: Sat\u0131l\u0131k Villa, Bo\u011faz Manzaral\u0131 Daire","og_description":"Dia Centro, \u0130stanbul'un Topkap\u0131 merkez semtinde yer almakta olup t\u00fcm ihtiya\u00e7lar\u0131n\u0131za kolay eri\u015fim imkan\u0131 sunmaktad\u0131r.","og_url":"https:\/\/ler.ae\/tr\/dia-centro\/","og_site_name":"Ler Properties - Dubai ve \u0130stanbul L\u00fcks Konut Projeleri: Sat\u0131l\u0131k Villa, Bo\u011faz Manzaral\u0131 Daire","article_publisher":"https:\/\/m.facebook.com\/lerproperties","article_modified_time":"2024-04-17T09:29:12+00:00","og_image":[{"width":1508,"height":1200,"url":"https:\/\/ler.ae\/tr\/wp-content\/uploads\/2024\/03\/ahmet_kul_insaat-dia-centro-istanbul-5-1.jpg","type":"image\/jpeg"}],"twitter_card":"summary_large_image","twitter_misc":{"Tahmini okuma s\u00fcresi":"3 dakika"},"schema":{"@context":"https:\/\/schema.org","@graph":[{"@type":"WebPage","@id":"https:\/\/ler.ae\/tr\/dia-centro\/","url":"https:\/\/ler.ae\/tr\/dia-centro\/","name":"Dia Centro - Ler Properties - Dubai ve \u0130stanbul L\u00fcks Konut Projeleri: Sat\u0131l\u0131k Villa, Bo\u011faz Manzaral\u0131 Daire","isPartOf":{"@id":"https:\/\/ler.ae\/tr\/#website"},"primaryImageOfPage":{"@id":"https:\/\/ler.ae\/tr\/dia-centro\/#primaryimage"},"image":{"@id":"https:\/\/ler.ae\/tr\/dia-centro\/#primaryimage"},"thumbnailUrl":"https:\/\/ler.ae\/tr\/wp-content\/uploads\/2024\/03\/ahmet_kul_insaat-dia-centro-istanbul-5-1.jpg","datePublished":"2024-03-08T10:31:45+00:00","dateModified":"2024-04-17T09:29:12+00:00","description":"Dia Centro, \u0130stanbul'un Topkap\u0131 merkez semtinde yer almakta olup t\u00fcm ihtiya\u00e7lar\u0131n\u0131za kolay eri\u015fim imkan\u0131 sunmaktad\u0131r.","inLanguage":"tr","potentialAction":[{"@type":"ReadAction","target":["https:\/\/ler.ae\/tr\/dia-centro\/"]}]},{"@type":"ImageObject","inLanguage":"tr","@id":"https:\/\/ler.ae\/tr\/dia-centro\/#primaryimage","url":"https:\/\/ler.ae\/tr\/wp-content\/uploads\/2024\/03\/ahmet_kul_insaat-dia-centro-istanbul-5-1.jpg","contentUrl":"https:\/\/ler.ae\/tr\/wp-content\/uploads\/2024\/03\/ahmet_kul_insaat-dia-centro-istanbul-5-1.jpg","width":1508,"height":1200,"caption":"dia-centro-istanbul"},{"@type":"WebSite","@id":"https:\/\/ler.ae\/tr\/#website","url":"https:\/\/ler.ae\/tr\/","name":"Ler Properties","description":"Ler Properties","alternateName":"Ler Properties","potentialAction":[{"@type":"SearchAction","target":{"@type":"EntryPoint","urlTemplate":"https:\/\/ler.ae\/tr\/?s={search_term_string}"},"query-input":{"@type":"PropertyValueSpecification","valueRequired":true,"valueName":"search_term_string"}}],"inLanguage":"tr"}]}},"_links":{"self":[{"href":"https:\/\/ler.ae\/tr\/wp-json\/wp\/v2\/pages\/5701","targetHints":{"allow":["GET"]}}],"collection":[{"href":"https:\/\/ler.ae\/tr\/wp-json\/wp\/v2\/pages"}],"about":[{"href":"https:\/\/ler.ae\/tr\/wp-json\/wp\/v2\/types\/page"}],"author":[{"embeddable":true,"href":"https:\/\/ler.ae\/tr\/wp-json\/wp\/v2\/users\/1"}],"replies":[{"embeddable":true,"href":"https:\/\/ler.ae\/tr\/wp-json\/wp\/v2\/comments?post=5701"}],"version-history":[{"count":6,"href":"https:\/\/ler.ae\/tr\/wp-json\/wp\/v2\/pages\/5701\/revisions"}],"predecessor-version":[{"id":6266,"href":"https:\/\/ler.ae\/tr\/wp-json\/wp\/v2\/pages\/5701\/revisions\/6266"}],"wp:featuredmedia":[{"embeddable":true,"href":"https:\/\/ler.ae\/tr\/wp-json\/wp\/v2\/media\/5405"}],"wp:attachment":[{"href":"https:\/\/ler.ae\/tr\/wp-json\/wp\/v2\/media?parent=5701"}],"curies":[{"name":"wp","href":"https:\/\/api.w.org\/{rel}","templated":true}]}}